{"version":"1.0","provider_name":"Culture Bien-\u00eatre","provider_url":"https:\/\/talivera.fr\/actualites","author_name":"talivera","author_url":"https:\/\/talivera.fr\/actualites\/author\/talivera\/","title":"Alice Neel : engagement et t\u00e9moignage pictural - Culture Bien-\u00eatre","type":"rich","width":600,"height":338,"html":"<blockquote class=\"wp-embedded-content\" data-secret=\"F1LQGXAJkz\"><a href=\"https:\/\/talivera.fr\/actualites\/alice-neel-engagement-et-temoignage-pictural\/\">Alice Neel : engagement et t\u00e9moignage pictural<\/a><\/blockquote><iframe sandbox=\"allow-scripts\" security=\"restricted\" src=\"https:\/\/talivera.fr\/actualites\/alice-neel-engagement-et-temoignage-pictural\/embed\/#?secret=F1LQGXAJkz\" width=\"600\" height=\"338\" title=\"\u00ab\u00a0Alice Neel : engagement et t\u00e9moignage pictural\u00a0\u00bb &#8212; Culture Bien-\u00eatre\" data-secret=\"F1LQGXAJkz\" frameborder=\"0\" marginwidth=\"0\" marginheight=\"0\" scrolling=\"no\" class=\"wp-embedded-content\"><\/iframe><script>\n\/*! This file is auto-generated *\/\n!function(d,l){\"use strict\";l.querySelector&&d.addEventListener&&\"undefined\"!=typeof URL&&(d.wp=d.wp||{},d.wp.receiveEmbedMessage||(d.wp.receiveEmbedMessage=function(e){var t=e.data;if((t||t.secret||t.message||t.value)&&!\/[^a-zA-Z0-9]\/.test(t.secret)){for(var s,r,n,a=l.querySelectorAll('iframe[data-secret=\"'+t.secret+'\"]'),o=l.querySelectorAll('blockquote[data-secret=\"'+t.secret+'\"]'),c=new RegExp(\"^https?:$\",\"i\"),i=0;i<o.length;i++)o[i].style.display=\"none\";for(i=0;i<a.length;i++)s=a[i],e.source===s.contentWindow&&(s.removeAttribute(\"style\"),\"height\"===t.message?(1e3<(r=parseInt(t.value,10))?r=1e3:~~r<200&&(r=200),s.height=r):\"link\"===t.message&&(r=new URL(s.getAttribute(\"src\")),n=new URL(t.value),c.test(n.protocol))&&n.host===r.host&&l.activeElement===s&&(d.top.location.href=t.value))}},d.addEventListener(\"message\",d.wp.receiveEmbedMessage,!1),l.addEventListener(\"DOMContentLoaded\",function(){for(var e,t,s=l.querySelectorAll(\"iframe.wp-embedded-content\"),r=0;r<s.length;r++)(t=(e=s[r]).getAttribute(\"data-secret\"))||(t=Math.random().toString(36).substring(2,12),e.src+=\"#?secret=\"+t,e.setAttribute(\"data-secret\",t)),e.contentWindow.postMessage({message:\"ready\",secret:t},\"*\")},!1)))}(window,document);\n\/\/# sourceURL=https:\/\/talivera.fr\/actualites\/wp-includes\/js\/wp-embed.min.js\n<\/script>\n","thumbnail_url":"https:\/\/talivera.fr\/actualites\/wp-content\/uploads\/2022\/11\/Expo_Paris_Art_AliceNeel.png","thumbnail_width":1920,"thumbnail_height":760,"description":"\u00ab I am the century. \u00bb Alice Neel Alice Neel (1900-1984), peintre am\u00e9ricaine ignor\u00e9e de son vivant, est expos\u00e9e au centre Pompidou jusqu\u2019au 16 janvier 2023. Figure d\u2019engagement politique et social, sympathisante communiste, f\u00e9ministe, elle peint les marginaux, les oubli\u00e9s, les s\u00e9gr\u00e9gu\u00e9s, les engag\u00e9s, les figures politiques, intellectuelles et f\u00e9ministes, les petites frappes, les immigr\u00e9s, &hellip;  Lire la suite\u00a0\u00bb"}